{"id":23,"date":"2016-07-27T22:03:58","date_gmt":"2016-07-27T22:03:58","guid":{"rendered":"http:\/\/nunezdiseno.com.ar\/liceo\/?page_id=23"},"modified":"2024-11-26T23:13:54","modified_gmt":"2024-11-26T23:13:54","slug":"extension-academica","status":"publish","type":"page","link":"https:\/\/liceoinformatico.edu.ar\/?page_id=23","title":{"rendered":"Extensi\u00f3n acad\u00e9mica"},"content":{"rendered":"<p>[vc_row][vc_column width=\u00bb5\/6&#8243;][vc_column_text]Desde el momento de su creaci\u00f3n, en 1992, esta instituci\u00f3n trabaja \u2013convenios mediante- con\u00a0 diversas entidades educativas y organizaciones civiles, con el objetivo de habilitar mayores posibilidades educativas, de formaci\u00f3n y capacitaci\u00f3n para sus alumnos.<\/p>\n<p>La primera alianza estrat\u00e9gica se dio con la Universidad Abierta Interamericana (UAI), a partir de la que se logr\u00f3 la acreditaci\u00f3n como Colegio Universitario.<\/p>\n<p>M\u00e1s adelante, con la UAI se concretaron tambi\u00e9n algunos ciclos de Licenciatura y hasta una Diplomatura Superior en Administraci\u00f3n y Gesti\u00f3n de Servicios Educativos, post\u00edtulo dirigido a docentes de grado con t\u00edtulo terciario y\/o universitario.<\/p>\n<p>Otra de las casas de estudio con la que tenemos acuerdo colaborativo es la Universidad de Mor\u00f3n. Con la UM se acredita desde hace varios a\u00f1os el t\u00edtulo de Martillero, Corredor P\u00fablico y Tasador, al que acceden nuestros alumnos egresados de las Tecnicaturas Superiores de Tasador y Martillero P\u00fablico y Corretaje y Gesti\u00f3n Inmobiliaria.<\/p>\n<p>As\u00ed como se sellan acuerdos con diversas Universidades, tambi\u00e9n las tareas de Extensi\u00f3n Acad\u00e9mica incluyen la concreci\u00f3n de convenios de capacitaci\u00f3n, dictado de cursos, charlas, conferencias, seminarios, etc, desde y hacia nuestra instituci\u00f3n.<\/p>\n<p>Algunas acciones emprendidas fueron Foros sobre Periodismo, Ni\u00f1ez y Adolescencia; cursos y capacitaciones en las \u00e1reas Gastronom\u00eda, Ceremonial y Protocolo, Relaciones\u00a0 P\u00fablicas, etc. En las diversas oportunidades contando con el apoyo, aporte y colaboraci\u00f3n de entidades como la Municipalidad de Santa Rosa, la CPE, FEGHRA, AMET, el Banco CrediCoop y en absoluta comuni\u00f3n con la Fundaci\u00f3n Para la Promoci\u00f3n de Estudios Superiores en Tecnolog\u00eda (FuPEST).<\/p>\n<p>Desde sus inicios, \u00a0esta instituci\u00f3n organiz\u00f3 un sinn\u00famero de actividades pensadas para la comunidad, en su mayor\u00eda sin costo alguno y con presencias destacadas del mundo de la cultura, la pol\u00edtica, el arte, la gastronom\u00eda, etc.[\/vc_column_text][vc_column_text css=\u00bb.vc_custom_1472818750075{border-left-width: 8px !important;padding-left: 10px !important;border-left-color: #005da3 !important;border-left-style: solid !important;}\u00bb]<\/p>\n<h3><em><span style=\"color: #005da3;\">Todas y cada una de las acciones de extensi\u00f3n que se ofrecen tienen un sentido de participaci\u00f3n, inclusi\u00f3n y responsabilidad, buscando devolver a la comunidad parte de lo mucho que durante todos estos a\u00f1os ha otorgado al Complejo Educativo.<\/span><\/em><\/h3>\n<p>[\/vc_column_text][\/vc_column][vc_column width=\u00bb1\/6&#8243;][vc_custom_heading text=\u00bbCONVENIOS\u00bb font_container=\u00bbtag:h3|text_align:left|color:%231e73be\u00bb google_fonts=\u00bbfont_family:Lato%3A100%2C100italic%2C300%2C300italic%2Cregular%2Citalic%2C700%2C700italic%2C900%2C900italic|font_style:400%20regular%3A400%3Anormal\u00bb css=\u00bb.vc_custom_1472755575743{border-bottom-width: 3px !important;border-bottom-color: #5b90bf !important;border-bottom-style: solid !important;}\u00bb][vc_single_image image=\u00bb523&#8243; img_size=\u00bbfull\u00bb alignment=\u00bbcenter\u00bb onclick=\u00bbcustom_link\u00bb img_link_target=\u00bb_blank\u00bb link=\u00bbhttps:\/\/www.unimoron.edu.ar\u00bb css=\u00bb.vc_custom_1473268784197{margin-bottom: 5px !important;padding-top: 0px !important;padding-right: 0px !important;padding-bottom: 0px !important;padding-left: 0px !important;}\u00bb][vc_single_image image=\u00bb522&#8243; img_size=\u00bbfull\u00bb alignment=\u00bbcenter\u00bb onclick=\u00bbcustom_link\u00bb img_link_target=\u00bb_blank\u00bb link=\u00bbhttp:\/\/www.uai.edu.ar\u00bb css=\u00bb.vc_custom_1473268806760{margin-bottom: 5px !important;padding-top: 0px !important;padding-right: 0px !important;padding-bottom: 0px !important;padding-left: 0px !important;}\u00bb][vc_single_image image=\u00bb521&#8243; img_size=\u00bbfull\u00bb alignment=\u00bbcenter\u00bb onclick=\u00bbcustom_link\u00bb img_link_target=\u00bb_blank\u00bb link=\u00bbhttp:\/\/www.fupest.org.ar\u00bb css=\u00bb.vc_custom_1473268835264{margin-bottom: 5px !important;padding-top: 0px !important;padding-right: 0px !important;padding-bottom: 0px !important;padding-left: 0px !important;}\u00bb][vc_single_image image=\u00bb1489&#8243; img_size=\u00bbfull\u00bb alignment=\u00bbcenter\u00bb onclick=\u00bbcustom_link\u00bb img_link_target=\u00bb_blank\u00bb link=\u00bbhttps:\/\/uca.edu.ar\/\u00bb css=\u00bb.vc_custom_1668588273548{margin-bottom: 5px !important;padding-top: 0px !important;padding-right: 0px !important;padding-bottom: 0px !important;padding-left: 0px !important;}\u00bb][\/vc_column][\/vc_row]<\/p>\n","protected":false},"excerpt":{"rendered":"<p>[vc_row][vc_column width=\u00bb5\/6&#8243;][vc_column_text]Desde el momento de su creaci\u00f3n, en 1992, esta instituci\u00f3n trabaja \u2013convenios mediante- con\u00a0 diversas entidades educativas y organizaciones civiles, con el objetivo de habilitar mayores posibilidades educativas, de formaci\u00f3n y capacitaci\u00f3n para sus alumnos. La primera alianza estrat\u00e9gica se dio con la Universidad Abierta Interamericana (UAI), a partir de la que se logr\u00f3 &#8230; <a class=\"read-more\" href=\"https:\/\/liceoinformatico.edu.ar\/?page_id=23\">Leer m\u00e1s<\/a><\/p>\n","protected":false},"author":1,"featured_media":0,"parent":15,"menu_order":0,"comment_status":"closed","ping_status":"closed","template":"","meta":{"footnotes":"","_joinchat":[]},"acf":[],"yoast_head":"<!-- This site is optimized with the Yoast SEO plugin v21.9.1 - https:\/\/yoast.com\/wordpress\/plugins\/seo\/ -->\n<title>Extensi\u00f3n acad\u00e9mica - Complejo Educativo Liceo Inform\u00e1tico II - Ciudad Educativa<\/title>\n<meta name=\"robots\" content=\"index, follow, max-snippet:-1, max-image-preview:large, max-video-preview:-1\" \/>\n<link rel=\"canonical\" href=\"https:\/\/liceoinformatico.edu.ar\/?page_id=23\" \/>\n<meta property=\"og:locale\" content=\"es_ES\" \/>\n<meta property=\"og:type\" content=\"article\" \/>\n<meta property=\"og:title\" content=\"Extensi\u00f3n acad\u00e9mica - Complejo Educativo Liceo Inform\u00e1tico II - Ciudad Educativa\" \/>\n<meta property=\"og:description\" content=\"[vc_row][vc_column width=\u00bb5\/6&#8243;][vc_column_text]Desde el momento de su creaci\u00f3n, en 1992, esta instituci\u00f3n trabaja \u2013convenios mediante- con\u00a0 diversas entidades educativas y organizaciones civiles, con el objetivo de habilitar mayores posibilidades educativas, de formaci\u00f3n y capacitaci\u00f3n para sus alumnos. La primera alianza estrat\u00e9gica se dio con la Universidad Abierta Interamericana (UAI), a partir de la que se logr\u00f3 ... Leer m\u00e1s\" \/>\n<meta property=\"og:url\" content=\"https:\/\/liceoinformatico.edu.ar\/?page_id=23\" \/>\n<meta property=\"og:site_name\" content=\"Complejo Educativo Liceo Inform\u00e1tico II - Ciudad Educativa\" \/>\n<meta property=\"article:modified_time\" content=\"2024-11-26T23:13:54+00:00\" \/>\n<meta name=\"twitter:card\" content=\"summary_large_image\" \/>\n<meta name=\"twitter:label1\" content=\"Tiempo de lectura\" \/>\n\t<meta name=\"twitter:data1\" content=\"2 minutos\" \/>\n<script type=\"application\/ld+json\" class=\"yoast-schema-graph\">{\"@context\":\"https:\/\/schema.org\",\"@graph\":[{\"@type\":\"WebPage\",\"@id\":\"https:\/\/liceoinformatico.edu.ar\/?page_id=23\",\"url\":\"https:\/\/liceoinformatico.edu.ar\/?page_id=23\",\"name\":\"Extensi\u00f3n acad\u00e9mica - Complejo Educativo Liceo Inform\u00e1tico II - Ciudad Educativa\",\"isPartOf\":{\"@id\":\"https:\/\/liceoinformatico.edu.ar\/#website\"},\"datePublished\":\"2016-07-27T22:03:58+00:00\",\"dateModified\":\"2024-11-26T23:13:54+00:00\",\"breadcrumb\":{\"@id\":\"https:\/\/liceoinformatico.edu.ar\/?page_id=23#breadcrumb\"},\"inLanguage\":\"es\",\"potentialAction\":[{\"@type\":\"ReadAction\",\"target\":[\"https:\/\/liceoinformatico.edu.ar\/?page_id=23\"]}]},{\"@type\":\"BreadcrumbList\",\"@id\":\"https:\/\/liceoinformatico.edu.ar\/?page_id=23#breadcrumb\",\"itemListElement\":[{\"@type\":\"ListItem\",\"position\":1,\"name\":\"Portada\",\"item\":\"https:\/\/liceoinformatico.edu.ar\/\"},{\"@type\":\"ListItem\",\"position\":2,\"name\":\"Educaci\u00f3n Superior\",\"item\":\"https:\/\/liceoinformatico.edu.ar\/?page_id=15\"},{\"@type\":\"ListItem\",\"position\":3,\"name\":\"Extensi\u00f3n acad\u00e9mica\"}]},{\"@type\":\"WebSite\",\"@id\":\"https:\/\/liceoinformatico.edu.ar\/#website\",\"url\":\"https:\/\/liceoinformatico.edu.ar\/\",\"name\":\"Complejo Educativo Liceo Inform\u00e1tico II - Ciudad Educativa\",\"description\":\"\",\"publisher\":{\"@id\":\"https:\/\/liceoinformatico.edu.ar\/#organization\"},\"potentialAction\":[{\"@type\":\"SearchAction\",\"target\":{\"@type\":\"EntryPoint\",\"urlTemplate\":\"https:\/\/liceoinformatico.edu.ar\/?s={search_term_string}\"},\"query-input\":\"required name=search_term_string\"}],\"inLanguage\":\"es\"},{\"@type\":\"Organization\",\"@id\":\"https:\/\/liceoinformatico.edu.ar\/#organization\",\"name\":\"Complejo Educativo Liceo Inform\u00e1tico II - Ciudad Educativa\",\"url\":\"https:\/\/liceoinformatico.edu.ar\/\",\"logo\":{\"@type\":\"ImageObject\",\"inLanguage\":\"es\",\"@id\":\"https:\/\/liceoinformatico.edu.ar\/#\/schema\/logo\/image\/\",\"url\":\"https:\/\/liceoinformatico.edu.ar\/wp-content\/uploads\/2022\/11\/cropped-header-2.jpg\",\"contentUrl\":\"https:\/\/liceoinformatico.edu.ar\/wp-content\/uploads\/2022\/11\/cropped-header-2.jpg\",\"width\":1022,\"height\":127,\"caption\":\"Complejo Educativo Liceo Inform\u00e1tico II - Ciudad Educativa\"},\"image\":{\"@id\":\"https:\/\/liceoinformatico.edu.ar\/#\/schema\/logo\/image\/\"}}]}<\/script>\n<!-- \/ Yoast SEO plugin. -->","yoast_head_json":{"title":"Extensi\u00f3n acad\u00e9mica - Complejo Educativo Liceo Inform\u00e1tico II - Ciudad Educativa","robots":{"index":"index","follow":"follow","max-snippet":"max-snippet:-1","max-image-preview":"max-image-preview:large","max-video-preview":"max-video-preview:-1"},"canonical":"https:\/\/liceoinformatico.edu.ar\/?page_id=23","og_locale":"es_ES","og_type":"article","og_title":"Extensi\u00f3n acad\u00e9mica - Complejo Educativo Liceo Inform\u00e1tico II - Ciudad Educativa","og_description":"[vc_row][vc_column width=\u00bb5\/6&#8243;][vc_column_text]Desde el momento de su creaci\u00f3n, en 1992, esta instituci\u00f3n trabaja \u2013convenios mediante- con\u00a0 diversas entidades educativas y organizaciones civiles, con el objetivo de habilitar mayores posibilidades educativas, de formaci\u00f3n y capacitaci\u00f3n para sus alumnos. La primera alianza estrat\u00e9gica se dio con la Universidad Abierta Interamericana (UAI), a partir de la que se logr\u00f3 ... Leer m\u00e1s","og_url":"https:\/\/liceoinformatico.edu.ar\/?page_id=23","og_site_name":"Complejo Educativo Liceo Inform\u00e1tico II - Ciudad Educativa","article_modified_time":"2024-11-26T23:13:54+00:00","twitter_card":"summary_large_image","twitter_misc":{"Tiempo de lectura":"2 minutos"},"schema":{"@context":"https:\/\/schema.org","@graph":[{"@type":"WebPage","@id":"https:\/\/liceoinformatico.edu.ar\/?page_id=23","url":"https:\/\/liceoinformatico.edu.ar\/?page_id=23","name":"Extensi\u00f3n acad\u00e9mica - Complejo Educativo Liceo Inform\u00e1tico II - Ciudad Educativa","isPartOf":{"@id":"https:\/\/liceoinformatico.edu.ar\/#website"},"datePublished":"2016-07-27T22:03:58+00:00","dateModified":"2024-11-26T23:13:54+00:00","breadcrumb":{"@id":"https:\/\/liceoinformatico.edu.ar\/?page_id=23#breadcrumb"},"inLanguage":"es","potentialAction":[{"@type":"ReadAction","target":["https:\/\/liceoinformatico.edu.ar\/?page_id=23"]}]},{"@type":"BreadcrumbList","@id":"https:\/\/liceoinformatico.edu.ar\/?page_id=23#breadcrumb","itemListElement":[{"@type":"ListItem","position":1,"name":"Portada","item":"https:\/\/liceoinformatico.edu.ar\/"},{"@type":"ListItem","position":2,"name":"Educaci\u00f3n Superior","item":"https:\/\/liceoinformatico.edu.ar\/?page_id=15"},{"@type":"ListItem","position":3,"name":"Extensi\u00f3n acad\u00e9mica"}]},{"@type":"WebSite","@id":"https:\/\/liceoinformatico.edu.ar\/#website","url":"https:\/\/liceoinformatico.edu.ar\/","name":"Complejo Educativo Liceo Inform\u00e1tico II - Ciudad Educativa","description":"","publisher":{"@id":"https:\/\/liceoinformatico.edu.ar\/#organization"},"potentialAction":[{"@type":"SearchAction","target":{"@type":"EntryPoint","urlTemplate":"https:\/\/liceoinformatico.edu.ar\/?s={search_term_string}"},"query-input":"required name=search_term_string"}],"inLanguage":"es"},{"@type":"Organization","@id":"https:\/\/liceoinformatico.edu.ar\/#organization","name":"Complejo Educativo Liceo Inform\u00e1tico II - Ciudad Educativa","url":"https:\/\/liceoinformatico.edu.ar\/","logo":{"@type":"ImageObject","inLanguage":"es","@id":"https:\/\/liceoinformatico.edu.ar\/#\/schema\/logo\/image\/","url":"https:\/\/liceoinformatico.edu.ar\/wp-content\/uploads\/2022\/11\/cropped-header-2.jpg","contentUrl":"https:\/\/liceoinformatico.edu.ar\/wp-content\/uploads\/2022\/11\/cropped-header-2.jpg","width":1022,"height":127,"caption":"Complejo Educativo Liceo Inform\u00e1tico II - Ciudad Educativa"},"image":{"@id":"https:\/\/liceoinformatico.edu.ar\/#\/schema\/logo\/image\/"}}]}},"_links":{"self":[{"href":"https:\/\/liceoinformatico.edu.ar\/index.php?rest_route=\/wp\/v2\/pages\/23"}],"collection":[{"href":"https:\/\/liceoinformatico.edu.ar\/index.php?rest_route=\/wp\/v2\/pages"}],"about":[{"href":"https:\/\/liceoinformatico.edu.ar\/index.php?rest_route=\/wp\/v2\/types\/page"}],"author":[{"embeddable":true,"href":"https:\/\/liceoinformatico.edu.ar\/index.php?rest_route=\/wp\/v2\/users\/1"}],"replies":[{"embeddable":true,"href":"https:\/\/liceoinformatico.edu.ar\/index.php?rest_route=%2Fwp%2Fv2%2Fcomments&post=23"}],"version-history":[{"count":5,"href":"https:\/\/liceoinformatico.edu.ar\/index.php?rest_route=\/wp\/v2\/pages\/23\/revisions"}],"predecessor-version":[{"id":1899,"href":"https:\/\/liceoinformatico.edu.ar\/index.php?rest_route=\/wp\/v2\/pages\/23\/revisions\/1899"}],"up":[{"embeddable":true,"href":"https:\/\/liceoinformatico.edu.ar\/index.php?rest_route=\/wp\/v2\/pages\/15"}],"wp:attachment":[{"href":"https:\/\/liceoinformatico.edu.ar\/index.php?rest_route=%2Fwp%2Fv2%2Fmedia&parent=23"}],"curies":[{"name":"wp","href":"https:\/\/api.w.org\/{rel}","templated":true}]}}